{"id":131,"date":"2020-03-17T16:00:53","date_gmt":"2020-03-17T19:00:53","guid":{"rendered":"https:\/\/masquecontable.com\/?page_id=131"},"modified":"2020-03-17T16:00:53","modified_gmt":"2020-03-17T19:00:53","slug":"secreto-profesional","status":"publish","type":"page","link":"https:\/\/masquecontable.com\/en\/secreto-profesional\/","title":{"rendered":"Secreto Profesional"},"content":{"rendered":"<p><strong>Cuando usted contrata un servicio a trav\u00e9s de la web de M\u00e1s que Contable www.masquecontable.com, queda incluido en el siguiente acuerdo de confidencialidad, el cual ser\u00e1 tambi\u00e9n enviado a usted completo con sus datos y fechas correspondientes, adem\u00e1s de firma y sello de la Cra. Micaela Coria.<\/strong><\/p>\n\n\n\n<p><strong>ACUERDO DE CONFIDENCIALIDAD Y SECRETO PROFESIONAL<\/strong><\/p>\n\n\n\n<p>Mediante la presente Acta, la Sra. Micaela Ailin Coria, Contadora P\u00fablica M. P. N\u00b0 10-19969-9 C.P.C.E. Cba., domiciliada en Presidente Per\u00f3n Este 661, R\u00edo Cuarto, C\u00f3rdoba, Argentina, en virtud de este documento, se obliga\u00a0a dar cumplimiento a todas y cada una de las siguientes obligaciones en lo que respecta a la Informaci\u00f3n que se le suministre:<\/p>\n\n\n\n<p>1. Mantenerla, con sujeci\u00f3n a la m\u00e1s estricta confidencialidad.<\/p>\n\n\n\n<p>2. Utilizarla solamente en relaci\u00f3n a las tareas previamente\npactadas.<\/p>\n\n\n\n<p>3. No revelarla a una tercera parte sin el previo consentimiento\nescrito del cliente\/comitente.<\/p>\n\n\n\n<p>En cumplimiento con el Art\u00edculo 6to y 7mo del C\u00f3digo de \u00c9tica,\nla relaci\u00f3n como Profesional en Ciencias Econ\u00f3micas se desarrollar\u00e1 dentro de\nla m\u00e1s absoluta reserva no revelando ni utilizando en mi favor, informaci\u00f3n\nalguna que obtenga como resultado de mi labor profesional sin la autorizaci\u00f3n\nexpresa del cliente.<\/p>\n\n\n\n<p>S\u00f3lo estar\u00e9 relevada de la obligaci\u00f3n de guardar secreto\nprofesional cuando imprescindiblemente deba revelar mis conocimientos para\ndefensa personal o colectiva, en la medida en que la informaci\u00f3n que\nproporcione sea insustituible.<\/p>\n\n\n\n<p>A los efectos previstos en este Acuerdo por \u201cInformaci\u00f3n Confidencial\u201d\nse entender\u00e1 toda aquella informaci\u00f3n, ya sea t\u00e9cnica, financiera, comercial o\nde cualquier otro car\u00e1cter, que sea suministrada y\/o comunicada de el\ncliente\/comitente mediante palabra, por escrito o por cualquier otro medio o\nsoporte, tangible o intangible, actualmente conocido o que posibilite el estado\nde la t\u00e9cnica en el futuro.<\/p>\n\n\n\n<p>El cumplimiento de las obligaciones contenidas en este acuerdo\nes de car\u00e1cter indefinido y se mantendr\u00e1 en vigor con posterioridad a la\nfinalizaci\u00f3n por cualquier causa de la relaci\u00f3n.<\/p>\n\n\n\n<p>El presente acuerdo es personal entre las partes, y no podr\u00e1\ntransferirse total o parcialmente sin la autorizaci\u00f3n previa por escrito de la\notra Parte.<\/p>","protected":false},"excerpt":{"rendered":"<p>Cuando usted contrata un servicio a trav\u00e9s de la web de M\u00e1s que Contable www.masquecontable.com, queda incluido en el siguiente acuerdo de confidencialidad, el cual ser\u00e1 tambi\u00e9n enviado a usted completo con sus datos y fechas correspondientes, adem\u00e1s de firma y sello de la Cra. Micaela Coria. ACUERDO DE CONFIDENCIALIDAD Y SECRETO PROFESIONAL Mediante la [&hellip;]<\/p>\n","protected":false},"author":1,"featured_media":0,"parent":0,"menu_order":0,"comment_status":"closed","ping_status":"closed","template":"","meta":{"footnotes":""},"class_list":["post-131","page","type-page","status-publish","hentry"],"yoast_head":"<!-- This site is optimized with the Yoast SEO plugin v27.5 - https:\/\/yoast.com\/product\/yoast-seo-wordpress\/ -->\n<title>Secreto Profesional - M\u00e1s que Contable<\/title>\n<meta name=\"robots\" content=\"index, follow, max-snippet:-1, max-image-preview:large, max-video-preview:-1\" \/>\n<link rel=\"canonical\" href=\"https:\/\/masquecontable.com\/en\/secreto-profesional\/\" \/>\n<meta property=\"og:locale\" content=\"en_US\" \/>\n<meta property=\"og:type\" content=\"article\" \/>\n<meta property=\"og:title\" content=\"Secreto Profesional - M\u00e1s que Contable\" \/>\n<meta property=\"og:description\" content=\"Cuando usted contrata un servicio a trav\u00e9s de la web de M\u00e1s que Contable www.masquecontable.com, queda incluido en el siguiente acuerdo de confidencialidad, el cual ser\u00e1 tambi\u00e9n enviado a usted completo con sus datos y fechas correspondientes, adem\u00e1s de firma y sello de la Cra. Micaela Coria. ACUERDO DE CONFIDENCIALIDAD Y SECRETO PROFESIONAL Mediante la [&hellip;]\" \/>\n<meta property=\"og:url\" content=\"https:\/\/masquecontable.com\/en\/secreto-profesional\/\" \/>\n<meta property=\"og:site_name\" content=\"M\u00e1s que Contable\" \/>\n<meta property=\"article:publisher\" content=\"https:\/\/www.facebook.com\/masquecontable\/\" \/>\n<meta name=\"twitter:card\" content=\"summary_large_image\" \/>\n<meta name=\"twitter:label1\" content=\"Est. reading time\" \/>\n\t<meta name=\"twitter:data1\" content=\"2 minutes\" \/>\n<script type=\"application\/ld+json\" class=\"yoast-schema-graph\">{\"@context\":\"https:\\\/\\\/schema.org\",\"@graph\":[{\"@type\":\"WebPage\",\"@id\":\"https:\\\/\\\/masquecontable.com\\\/secreto-profesional\\\/\",\"url\":\"https:\\\/\\\/masquecontable.com\\\/secreto-profesional\\\/\",\"name\":\"Secreto Profesional - M\u00e1s que Contable\",\"isPartOf\":{\"@id\":\"https:\\\/\\\/masquecontable.com\\\/#website\"},\"datePublished\":\"2020-03-17T19:00:53+00:00\",\"breadcrumb\":{\"@id\":\"https:\\\/\\\/masquecontable.com\\\/secreto-profesional\\\/#breadcrumb\"},\"inLanguage\":\"en-US\",\"potentialAction\":[{\"@type\":\"ReadAction\",\"target\":[\"https:\\\/\\\/masquecontable.com\\\/secreto-profesional\\\/\"]}]},{\"@type\":\"BreadcrumbList\",\"@id\":\"https:\\\/\\\/masquecontable.com\\\/secreto-profesional\\\/#breadcrumb\",\"itemListElement\":[{\"@type\":\"ListItem\",\"position\":1,\"name\":\"Inicio\",\"item\":\"https:\\\/\\\/masquecontable.com\\\/\"},{\"@type\":\"ListItem\",\"position\":2,\"name\":\"Secreto Profesional\"}]},{\"@type\":\"WebSite\",\"@id\":\"https:\\\/\\\/masquecontable.com\\\/#website\",\"url\":\"https:\\\/\\\/masquecontable.com\\\/\",\"name\":\"M\u00e1s que Contable\",\"description\":\"Contadora de emprendedores\",\"publisher\":{\"@id\":\"https:\\\/\\\/masquecontable.com\\\/#organization\"},\"potentialAction\":[{\"@type\":\"SearchAction\",\"target\":{\"@type\":\"EntryPoint\",\"urlTemplate\":\"https:\\\/\\\/masquecontable.com\\\/?s={search_term_string}\"},\"query-input\":{\"@type\":\"PropertyValueSpecification\",\"valueRequired\":true,\"valueName\":\"search_term_string\"}}],\"inLanguage\":\"en-US\"},{\"@type\":\"Organization\",\"@id\":\"https:\\\/\\\/masquecontable.com\\\/#organization\",\"name\":\"M\u00e1s que Contable\",\"url\":\"https:\\\/\\\/masquecontable.com\\\/\",\"logo\":{\"@type\":\"ImageObject\",\"inLanguage\":\"en-US\",\"@id\":\"https:\\\/\\\/masquecontable.com\\\/#\\\/schema\\\/logo\\\/image\\\/\",\"url\":\"https:\\\/\\\/i0.wp.com\\\/masquecontable.com\\\/wp-content\\\/uploads\\\/2020\\\/03\\\/03-MARCA-FONDO-BLANCO.jpg?fit=887%2C887&ssl=1\",\"contentUrl\":\"https:\\\/\\\/i0.wp.com\\\/masquecontable.com\\\/wp-content\\\/uploads\\\/2020\\\/03\\\/03-MARCA-FONDO-BLANCO.jpg?fit=887%2C887&ssl=1\",\"width\":887,\"height\":887,\"caption\":\"M\u00e1s que Contable\"},\"image\":{\"@id\":\"https:\\\/\\\/masquecontable.com\\\/#\\\/schema\\\/logo\\\/image\\\/\"},\"sameAs\":[\"https:\\\/\\\/www.facebook.com\\\/masquecontable\\\/\",\"https:\\\/\\\/www.instagram.com\\\/masquecontable\\\/\",\"https:\\\/\\\/www.linkedin.com\\\/in\\\/coriamicaelaailin\\\/\",\"https:\\\/\\\/www.youtube.com\\\/channel\\\/UCYppekzzE4vmUeLhl8w48IQ?view_as=subscriber\"]}]}<\/script>\n<!-- \/ Yoast SEO plugin. -->","yoast_head_json":{"title":"Secreto Profesional - M\u00e1s que Contable","robots":{"index":"index","follow":"follow","max-snippet":"max-snippet:-1","max-image-preview":"max-image-preview:large","max-video-preview":"max-video-preview:-1"},"canonical":"https:\/\/masquecontable.com\/en\/secreto-profesional\/","og_locale":"en_US","og_type":"article","og_title":"Secreto Profesional - M\u00e1s que Contable","og_description":"Cuando usted contrata un servicio a trav\u00e9s de la web de M\u00e1s que Contable www.masquecontable.com, queda incluido en el siguiente acuerdo de confidencialidad, el cual ser\u00e1 tambi\u00e9n enviado a usted completo con sus datos y fechas correspondientes, adem\u00e1s de firma y sello de la Cra. Micaela Coria. ACUERDO DE CONFIDENCIALIDAD Y SECRETO PROFESIONAL Mediante la [&hellip;]","og_url":"https:\/\/masquecontable.com\/en\/secreto-profesional\/","og_site_name":"M\u00e1s que Contable","article_publisher":"https:\/\/www.facebook.com\/masquecontable\/","twitter_card":"summary_large_image","twitter_misc":{"Est. reading time":"2 minutes"},"schema":{"@context":"https:\/\/schema.org","@graph":[{"@type":"WebPage","@id":"https:\/\/masquecontable.com\/secreto-profesional\/","url":"https:\/\/masquecontable.com\/secreto-profesional\/","name":"Secreto Profesional - M\u00e1s que Contable","isPartOf":{"@id":"https:\/\/masquecontable.com\/#website"},"datePublished":"2020-03-17T19:00:53+00:00","breadcrumb":{"@id":"https:\/\/masquecontable.com\/secreto-profesional\/#breadcrumb"},"inLanguage":"en-US","potentialAction":[{"@type":"ReadAction","target":["https:\/\/masquecontable.com\/secreto-profesional\/"]}]},{"@type":"BreadcrumbList","@id":"https:\/\/masquecontable.com\/secreto-profesional\/#breadcrumb","itemListElement":[{"@type":"ListItem","position":1,"name":"Inicio","item":"https:\/\/masquecontable.com\/"},{"@type":"ListItem","position":2,"name":"Secreto Profesional"}]},{"@type":"WebSite","@id":"https:\/\/masquecontable.com\/#website","url":"https:\/\/masquecontable.com\/","name":"M\u00e1s que Contable","description":"Contadora de emprendedores","publisher":{"@id":"https:\/\/masquecontable.com\/#organization"},"potentialAction":[{"@type":"SearchAction","target":{"@type":"EntryPoint","urlTemplate":"https:\/\/masquecontable.com\/?s={search_term_string}"},"query-input":{"@type":"PropertyValueSpecification","valueRequired":true,"valueName":"search_term_string"}}],"inLanguage":"en-US"},{"@type":"Organization","@id":"https:\/\/masquecontable.com\/#organization","name":"M\u00e1s que Contable","url":"https:\/\/masquecontable.com\/","logo":{"@type":"ImageObject","inLanguage":"en-US","@id":"https:\/\/masquecontable.com\/#\/schema\/logo\/image\/","url":"https:\/\/i0.wp.com\/masquecontable.com\/wp-content\/uploads\/2020\/03\/03-MARCA-FONDO-BLANCO.jpg?fit=887%2C887&ssl=1","contentUrl":"https:\/\/i0.wp.com\/masquecontable.com\/wp-content\/uploads\/2020\/03\/03-MARCA-FONDO-BLANCO.jpg?fit=887%2C887&ssl=1","width":887,"height":887,"caption":"M\u00e1s que Contable"},"image":{"@id":"https:\/\/masquecontable.com\/#\/schema\/logo\/image\/"},"sameAs":["https:\/\/www.facebook.com\/masquecontable\/","https:\/\/www.instagram.com\/masquecontable\/","https:\/\/www.linkedin.com\/in\/coriamicaelaailin\/","https:\/\/www.youtube.com\/channel\/UCYppekzzE4vmUeLhl8w48IQ?view_as=subscriber"]}]}},"_links":{"self":[{"href":"https:\/\/masquecontable.com\/en\/wp-json\/wp\/v2\/pages\/131","targetHints":{"allow":["GET"]}}],"collection":[{"href":"https:\/\/masquecontable.com\/en\/wp-json\/wp\/v2\/pages"}],"about":[{"href":"https:\/\/masquecontable.com\/en\/wp-json\/wp\/v2\/types\/page"}],"author":[{"embeddable":true,"href":"https:\/\/masquecontable.com\/en\/wp-json\/wp\/v2\/users\/1"}],"replies":[{"embeddable":true,"href":"https:\/\/masquecontable.com\/en\/wp-json\/wp\/v2\/comments?post=131"}],"version-history":[{"count":1,"href":"https:\/\/masquecontable.com\/en\/wp-json\/wp\/v2\/pages\/131\/revisions"}],"predecessor-version":[{"id":132,"href":"https:\/\/masquecontable.com\/en\/wp-json\/wp\/v2\/pages\/131\/revisions\/132"}],"wp:attachment":[{"href":"https:\/\/masquecontable.com\/en\/wp-json\/wp\/v2\/media?parent=131"}],"curies":[{"name":"wp","href":"https:\/\/api.w.org\/{rel}","templated":true}]}}